{"id":3413,"date":"2026-04-07T10:14:26","date_gmt":"2026-04-07T10:14:26","guid":{"rendered":"https:\/\/ecstatic-raman.82-165-76-74.plesk.page\/news\/"},"modified":"2026-05-20T13:08:30","modified_gmt":"2026-05-20T13:08:30","slug":"news","status":"publish","type":"page","link":"https:\/\/grueter.de\/en\/news\/","title":{"rendered":"News"},"content":{"rendered":"<div>\n<h1 class=\"h2\" style=\"text-align: center;\">News<\/h1>\n<h2 class=\"h1\" style=\"text-align: center;\">German news from the legal areas and our law firm<\/h2>\n<\/div>\n<div><form method=\"GET\" class=\"co-filter-form\"><select name=\"co_cat\" onchange=\"this.form.submit()\"><option value=\"\">All Categories<\/option><option value=\"fach-news\" >Fach-News<\/option><option value=\"kanzlei-news\" >Kanzlei-News<\/option><option value=\"unkategorisiert\" >Unkategorisiert<\/option><option value=\"veranstaltungen\" >Veranstaltungen<\/option><\/select><\/form><div class=\"co-grid\"><div class=\"co-item-wrap\">\n            <article class=\"co-item\">\n            <a href=\"https:\/\/grueter.de\/en\/targobank-run-duisburg-2026\/\"><h3 class=\"co-title\">TARGOBANK Run Duisburg 2026<\/h3><div class=\"co-date uk-text-meta uk-margin-top\">27. August 2026<\/div><div class=\"co-excerpt\">Auch in diesem Jahr ist Gr\u00fcter beim Duisburger TARGOBANK Run mit einem standort\u00fcbergreifenden Laufteam angetreten. Gemeinsam mit rund 6.000 L\u00e4uferinnen und L\u00e4ufern aus 275 Unternehmen ging es \u00fcber die 5,2 km lange Strecke vom Opernplatz rund um den Innenhafen und durch die Duisburger Innenstadt. F\u00fcr gute Stimmung sorgte das motivierende Publikum entlang der Strecke und [&hellip;]<\/div><div class=\"co-more uk-button\" href=\"https:\/\/grueter.de\/en\/targobank-run-duisburg-2026\/\">Read more<\/div><\/a>\n            <\/article>\n            <\/div><div class=\"co-item-wrap\">\n            <article class=\"co-item\">\n            <a href=\"https:\/\/grueter.de\/en\/herzlich-willkommen-im-duisburger-team\/\"><h3 class=\"co-title\">Herzlich Willkommen im Duisburger Team!<\/h3><div class=\"co-date uk-text-meta uk-margin-top\">25. August 2026<\/div><div class=\"co-excerpt\">Wir w\u00fcnschen unserer neuen Auszubildenden Marie Terbeck einen tollen Start in ihre Ausbildung zur Rechtsanwalts- und Notarfachangestellten! Wir freuen uns, dich auf deinem Weg begleiten zu d\u00fcrfen und w\u00fcnschen dir ganz viel Erfolg, Freude und spannende Erfahrungen f\u00fcr deine Ausbildungszeit. Sch\u00f6n, dass du da bist!&nbsp;<\/div><div class=\"co-more uk-button\" href=\"https:\/\/grueter.de\/en\/herzlich-willkommen-im-duisburger-team\/\">Read more<\/div><\/a>\n            <\/article>\n            <\/div><div class=\"co-item-wrap\">\n            <article class=\"co-item\">\n            <a href=\"https:\/\/grueter.de\/en\/erneut-fuer-die-iurratio-awards-nominiert\/\"><h3 class=\"co-title\">Erneut f\u00fcr die iurratio Awards nominiert<\/h3><div class=\"co-date uk-text-meta uk-margin-top\">10. August 2026<\/div><div class=\"co-excerpt\">Wir freuen uns sehr, auch in diesem Jahr von iurratio f\u00fcr die Auszeichnung als \u201eBester Arbeitgeber f\u00fcr das Referendariat\u201c nominiert worden zu sein. Dar\u00fcber hinaus sind wir f\u00fcr die Kategorie \u201eDie besten Arbeitgeber f\u00fcr das Referendariat in der Region Westen\u201c nominiert. Die erneute Nominierung ist f\u00fcr uns eine sch\u00f6ne Best\u00e4tigung unseres Engagements f\u00fcr eine qualifizierte [&hellip;]<\/div><div class=\"co-more uk-button\" href=\"https:\/\/grueter.de\/en\/erneut-fuer-die-iurratio-awards-nominiert\/\">Read more<\/div><\/a>\n            <\/article>\n            <\/div><div class=\"co-item-wrap\">\n            <article class=\"co-item\">\n            <a href=\"https:\/\/grueter.de\/en\/herzlich-willkommen-im-team\/\"><h3 class=\"co-title\">Herzlich willkommen im Team!<\/h3><div class=\"co-date uk-text-meta uk-margin-top\">10. July 2026<\/div><div class=\"co-excerpt\">Herzlich willkommen im Team! Wir freuen uns, Theresa Himmelseher als neue Kollegin bei Gr\u00fcter begr\u00fc\u00dfen zu d\u00fcrfen! Sie unterst\u00fctzt uns seit dem 01.06.2026 am Duisburger Standort und ber\u00e4t schwerpunktm\u00e4\u00dfig in den Bereichen Arbeitsrecht und Prozessf\u00fchrung. Theresa Himmelseher hat Rechtswissenschaften an der Universit\u00e4t M\u00fcnster mit dem Schwerpunktbereich \u201eRechtsgestaltung und Streitbeilegung\u201c studiert. Zus\u00e4tzlich hat sie die Fachspezifische [&hellip;]<\/div><div class=\"co-more uk-button\" href=\"https:\/\/grueter.de\/en\/herzlich-willkommen-im-team\/\">Read more<\/div><\/a>\n            <\/article>\n            <\/div><div class=\"co-item-wrap\">\n            <article class=\"co-item\">\n            <a href=\"https:\/\/grueter.de\/en\/erneute-auszeichnung-unserer-kolleginnen-und-kollegen\/\"><h3 class=\"co-title\">Erneute Auszeichnung unserer Kolleginnen und Kollegen<\/h3><div class=\"co-date uk-text-meta uk-margin-top\">18. June 2026<\/div><div class=\"co-excerpt\">Wir freuen uns \u00fcber die erneute Auszeichnung unserer Kolleginnen und Kollegen im Handelsblatt-Ranking \u201eDeutschlands Beste Anw\u00e4lte des Jahres 2026\u201c.<\/div><div class=\"co-more uk-button\" href=\"https:\/\/grueter.de\/en\/erneute-auszeichnung-unserer-kolleginnen-und-kollegen\/\">Read more<\/div><\/a>\n            <\/article>\n            <\/div><div class=\"co-item-wrap\">\n            <article class=\"co-item\">\n            <a href=\"https:\/\/grueter.de\/en\/einladung-zum-arbeitsrechtsfruehstueck\/\"><h3 class=\"co-title\">Einladung zum Arbeitsrechtsfr\u00fchst\u00fcck<\/h3><div class=\"co-date uk-text-meta uk-margin-top\">5. June 2026<\/div><div class=\"co-excerpt\">Wir laden Sie herzlich zu einem Arbeitsrechtsfr\u00fchst\u00fcck am 23. Juni 2026 von 9:00 bis ca. 10:30 Uhr ein.<\/div><div class=\"co-more uk-button\" href=\"https:\/\/grueter.de\/en\/einladung-zum-arbeitsrechtsfruehstueck\/\">Read more<\/div><\/a>\n            <\/article>\n            <\/div><div class=\"co-item-wrap\">\n            <article class=\"co-item\">\n            <a href=\"https:\/\/grueter.de\/en\/der-neue-widerrufsbutton-ab-juni-2026\/\"><h3 class=\"co-title\">Der neue Widerrufsbutton ab Juni 2026<\/h3><div class=\"co-date uk-text-meta uk-margin-top\">29. May 2026<\/div><div class=\"co-excerpt\">Ab dem 19. Juni 2026 m\u00fcssen Unternehmen, die online Vertr\u00e4ge mit Verbrauchern schlie\u00dfen, voraussichtlich eine digitale Widerrufsfunktion bereitstellen. Mit dem neuen \u00a7 356a BGB setzt der deutsche Gesetzgeber die Vorgaben der EU-Richtlinie 2023\/2673 um. F\u00fcr Online-H\u00e4ndler bedeutet das: Ein blo\u00dfer Link zur Widerrufsbelehrung oder ein PDF-Formular gen\u00fcgt k\u00fcnftig nicht mehr. Verbraucher sollen einen Vertrag genauso [&hellip;]<\/div><div class=\"co-more uk-button\" href=\"https:\/\/grueter.de\/en\/der-neue-widerrufsbutton-ab-juni-2026\/\">Read more<\/div><\/a>\n            <\/article>\n            <\/div><div class=\"co-item-wrap\">\n            <article class=\"co-item\">\n            <a href=\"https:\/\/grueter.de\/en\/dreiteilige-seminarreihe-zu-einem-zahlungsverkehrsrechtlichen-themenkomplex\/\"><h3 class=\"co-title\">Dreiteilige Seminarreihe zu einem zahlungsverkehrsrechtlichen Themenkomplex<\/h3><div class=\"co-date uk-text-meta uk-margin-top\">19. May 2026<\/div><div class=\"co-excerpt\">Die Sparkassenakademie NRW in Dortmund bot im April und Mai 2026 erneut eine dreiteilige Seminarreihe zu einem zahlungsverkehrsrechtlichen Themenkomplex an.<\/div><div class=\"co-more uk-button\" href=\"https:\/\/grueter.de\/en\/dreiteilige-seminarreihe-zu-einem-zahlungsverkehrsrechtlichen-themenkomplex\/\">Read more<\/div><\/a>\n            <\/article>\n            <\/div><div class=\"co-item-wrap\">\n            <article class=\"co-item\">\n            <a href=\"https:\/\/grueter.de\/en\/anmeldung-10062026-next-level-beirat-governance-zeiten-von-ki\/\"><h3 class=\"co-title\">Anmeldung: 10.06.2026 &#8211; Next Level Beirat: Governance in Zeiten von KI<\/h3><div class=\"co-date uk-text-meta uk-margin-top\">4. May 2026<\/div><div class=\"co-excerpt\">K\u00fcnstliche Intelligenz ver\u00e4ndert Entscheidungsprozesse, Verantwortung und Kontrolle in Unternehmen grundlegend. Doch was bedeutet das konkret f\u00fcr Beir\u00e4te und Aufsichtsgremien?<\/div><div class=\"co-more uk-button\" href=\"https:\/\/grueter.de\/en\/anmeldung-10062026-next-level-beirat-governance-zeiten-von-ki\/\">Read more<\/div><\/a>\n            <\/article>\n            <\/div><div class=\"co-item-wrap\">\n            <article class=\"co-item\">\n            <a href=\"https:\/\/grueter.de\/en\/next-level-beirat-governance-zeiten-von-ki-10062026\/\"><h3 class=\"co-title\">Next Level Beirat: Governance in Zeiten von KI &#8211; 10.06.2026<\/h3><div class=\"co-date uk-text-meta uk-margin-top\">28. April 2026<\/div><div class=\"co-excerpt\">K\u00fcnstliche Intelligenz ver\u00e4ndert Entscheidungsprozesse, Verantwortung und Kontrolle \u2013 auch auf Beiratsebene.<\/div><div class=\"co-more uk-button\" href=\"https:\/\/grueter.de\/en\/next-level-beirat-governance-zeiten-von-ki-10062026\/\">Read more<\/div><\/a>\n            <\/article>\n            <\/div><\/div><button class=\"uk-button uk-button-default\" id=\"co-load-more\"\n            data-page=\"2\"\n            data-category=\"\"\n            data-lang=\"en\"\n            class=\"co-load-more-btn\">\n            Load more\n          <\/button><\/div>\n<p><!--more--><br \/>\n<!-- {\"type\":\"layout\",\"children\":[{\"type\":\"section\",\"props\":{\"class\":\"section-head-blur-white bild-verlaeufe\",\"height\":\"pixels\",\"height_viewport\":800,\"image\":\"wp-content\\\/uploads\\\/2026\\\/04\\\/aktuelles_1920x1080.jpg.webp\",\"image_position\":\"center-center\",\"image_size\":\"cover\",\"style\":\"default\",\"title_breakpoint\":\"xl\",\"title_position\":\"top-left\",\"title_rotation\":\"left\",\"vertical_align\":\"middle\",\"width\":\"default\"},\"children\":[{\"type\":\"row\",\"children\":[{\"type\":\"column\",\"props\":{\"image_position\":\"center-center\",\"position_sticky_breakpoint\":\"m\"},\"children\":[{\"type\":\"text\",\"props\":{\"column_breakpoint\":\"m\",\"content\":\"\n\n<h1 class=\\\"h2\\\" style=\\\"text-align: center;\\\">News<\\\/h1>\\n\n\n<h2 class=\\\"h1\\\" style=\\\"text-align: center;\\\">German news from the legal areas and our law firm<\\\/h2>\",\"margin\":\"default\",\"position\":\"relative\",\"position_top\":\"80\"}}]}]}],\"name\":\"Section: Headerbereich\"},{\"type\":\"section\",\"props\":{\"class\":\"aktuelles aktuelles_main\",\"image_position\":\"center-center\",\"style\":\"default\",\"title_breakpoint\":\"xl\",\"title_position\":\"top-left\",\"title_rotation\":\"left\",\"vertical_align\":\"middle\",\"width\":\"default\"},\"children\":[{\"type\":\"row\",\"children\":[{\"type\":\"column\",\"props\":{\"image_position\":\"center-center\",\"position_sticky_breakpoint\":\"m\"},\"children\":[{\"type\":\"text\",\"props\":{\"class\":\"aktuelles_grid aktuelles_grid_main\",\"column_breakpoint\":\"m\",\"content\":\"[co_posts]\",\"margin\":\"default\"}}]}]},{\"type\":\"row\",\"children\":[{\"type\":\"column\",\"props\":{\"image_position\":\"center-center\",\"position_sticky_breakpoint\":\"m\"}}]}]}],\"version\":\"4.5.19\"} --><\/p>\n","protected":false},"excerpt":{"rendered":"<p>News German news from the legal areas and our law firm<\/p>\n","protected":false},"author":2,"featured_media":0,"parent":0,"menu_order":6,"comment_status":"closed","ping_status":"closed","template":"","meta":{"footnotes":""},"class_list":["post-3413","page","type-page","status-publish","hentry"],"_links":{"self":[{"href":"https:\/\/grueter.de\/en\/wp-json\/wp\/v2\/pages\/3413","targetHints":{"allow":["GET"]}}],"collection":[{"href":"https:\/\/grueter.de\/en\/wp-json\/wp\/v2\/pages"}],"about":[{"href":"https:\/\/grueter.de\/en\/wp-json\/wp\/v2\/types\/page"}],"author":[{"embeddable":true,"href":"https:\/\/grueter.de\/en\/wp-json\/wp\/v2\/users\/2"}],"replies":[{"embeddable":true,"href":"https:\/\/grueter.de\/en\/wp-json\/wp\/v2\/comments?post=3413"}],"version-history":[{"count":0,"href":"https:\/\/grueter.de\/en\/wp-json\/wp\/v2\/pages\/3413\/revisions"}],"wp:attachment":[{"href":"https:\/\/grueter.de\/en\/wp-json\/wp\/v2\/media?parent=3413"}],"curies":[{"name":"wp","href":"https:\/\/api.w.org\/{rel}","templated":true}]}}